{"id":335,"date":"2020-05-09T13:57:19","date_gmt":"2020-05-09T11:57:19","guid":{"rendered":"http:\/\/johannebertrand.com\/?post_type=product&#038;p=335"},"modified":"2020-11-15T19:56:03","modified_gmt":"2020-11-15T18:56:03","slug":"krav-maga-quand-les-femmes-affrontent-la-violence","status":"publish","type":"product","link":"https:\/\/johannebertrand.com\/index.php\/product\/krav-maga-quand-les-femmes-affrontent-la-violence\/","title":{"rendered":"Krav Maga, quand les femmes affrontent la violence"},"content":{"rendered":"<p>D\u00e9tails sur le produit<\/p>\n<div class=\"content\">\n<ul>\n<li><b>Broch\u00e9 :<\/b> 306 pages<\/li>\n<li><b>Editeur\u00a0:<\/b> Independently published (20 novembre 2019)<\/li>\n<li><b>Langue\u00a0:<\/b> Fran\u00e7ais<\/li>\n<li><b>ISBN-10 :<\/b> 1709853948<\/li>\n<li><b>ISBN-13 :<\/b> 978-1709853944<\/li>\n<li><b> Dimensions du produit : <\/b> 14 x 2 x 21,6 cm<\/li>\n<\/ul>\n<\/div>\n","protected":false},"excerpt":{"rendered":"<p>Jeanne, m\u00e8re de famille effac\u00e9e et d\u00e9pressive, vient enfin de r\u00e9ussir un concours d\u2019entr\u00e9e dans une grande \u00e9cole. Tr\u00e8s inqui\u00e8te \u00e0 l\u2019id\u00e9e de se retrouver seule dans les transports, la jeune femme d\u00e9cide de s\u2019inscrire dans le club de Krav Maga de sa ville&#8230;<\/p>\n","protected":false},"featured_media":245,"comment_status":"open","ping_status":"closed","template":"","meta":{"_crdt_document":"","advanced_seo_description":"","jetpack_seo_html_title":"","jetpack_seo_noindex":false},"product_cat":[19],"product_tag":[],"class_list":["post-335","product","type-product","status-publish","has-post-thumbnail","hentry","product_cat-livre-broche"],"jetpack_sharing_enabled":true,"_links":{"self":[{"href":"https:\/\/johannebertrand.com\/index.php\/wp-json\/wp\/v2\/product\/335","targetHints":{"allow":["GET"]}}],"collection":[{"href":"https:\/\/johannebertrand.com\/index.php\/wp-json\/wp\/v2\/product"}],"about":[{"href":"https:\/\/johannebertrand.com\/index.php\/wp-json\/wp\/v2\/types\/product"}],"replies":[{"embeddable":true,"href":"https:\/\/johannebertrand.com\/index.php\/wp-json\/wp\/v2\/comments?post=335"}],"wp:featuredmedia":[{"embeddable":true,"href":"https:\/\/johannebertrand.com\/index.php\/wp-json\/wp\/v2\/media\/245"}],"wp:attachment":[{"href":"https:\/\/johannebertrand.com\/index.php\/wp-json\/wp\/v2\/media?parent=335"}],"wp:term":[{"taxonomy":"product_cat","embeddable":true,"href":"https:\/\/johannebertrand.com\/index.php\/wp-json\/wp\/v2\/product_cat?post=335"},{"taxonomy":"product_tag","embeddable":true,"href":"https:\/\/johannebertrand.com\/index.php\/wp-json\/wp\/v2\/product_tag?post=335"}],"curies":[{"name":"wp","href":"https:\/\/api.w.org\/{rel}","templated":true}]}}