{"id":18,"date":"2019-05-17T11:43:25","date_gmt":"2019-05-17T09:43:25","guid":{"rendered":"http:\/\/johannebertrand.com\/?page_id=18"},"modified":"2026-03-22T11:27:39","modified_gmt":"2026-03-22T10:27:39","slug":"livres","status":"publish","type":"page","link":"https:\/\/johannebertrand.com\/index.php\/livres\/","title":{"rendered":"Boutique"},"content":{"rendered":"\n<p class=\"has-text-align-center has-black-color has-text-color wp-block-paragraph\" style=\"font-size:27px\"><strong>Vous pouvez commander tous mes livres en cliquant dessus<\/strong><\/p>\n\n\n\n<div class=\"wp-block-media-text is-stacked-on-mobile\" style=\"grid-template-columns:48% auto\"><figure class=\"wp-block-media-text__media\"><a href=\"https:\/\/www.amazon.fr\/Logo-Cherche-Histoire-en-Makaton\/dp\/B0GRFSQ2ZM\/ref=sr_1_1?__mk_fr_FR=%C3%85M%C3%85%C5%BD%C3%95%C3%91&amp;crid=1XBG1WDVY9QM7&amp;dib=eyJ2IjoiMSJ9.FDIZ7NtJnFaFD1Fo0_fpO9H33dzpZpIcK4pF0k_AaOPGjHj071QN20LucGBJIEps.mdUy0sMztsjoLc6faF-WGyTaO3t7Q1ECHY7ijojaYb4&amp;dib_tag=se&amp;keywords=Logo+cherche&amp;qid=1774172695&amp;sprefix=logo+cherch%2Caps%2C232&amp;sr=8-1\"><img loading=\"lazy\" decoding=\"async\" width=\"464\" height=\"712\" src=\"https:\/\/johannebertrand.com\/wp-content\/uploads\/2026\/03\/Logo-cherche-couverture-1.jpg\" alt=\"\" class=\"wp-image-1183 size-full\"\/><\/a><\/figure><div class=\"wp-block-media-text__content\">\n<p class=\"has-text-align-left has-black-color has-text-color has-link-color wp-elements-ce746b77ad801789d3dcf05eadeb30b0 wp-block-paragraph\"><strong>Logo cherche<\/strong> ( histoire en MAKATON)<\/p>\n\n\n\n<p class=\"has-text-align-left .entry-content p { text-align: justify; } has-custom-css has-black-color has-text-color has-link-color wp-elements-0df877cbdc6336d0b52941bcd34da671 wp-custom-css-98f85e14 wp-block-paragraph\">Un livre pour enrichir les \u00e9changes avec votre enfant.<br>Logo est un petit chien tr\u00e8s curieux. Aujourd\u2019hui, un myst\u00e8re l\u2019intrigue : qui a vol\u00e9 les croquettes ? Il observe, interroge ses amis et suit les indices pour r\u00e9soudre l\u2019\u00e9nigme.Une histoire simple et amusante, accompagn\u00e9e de\u00a0<strong>photos en couleur<\/strong>, de pictogrammes et de vid\u00e9os sign\u00e9es, pour partager un moment de lecture.<\/p>\n<\/div><\/div>\n\n\n\n<p class=\"wp-block-paragraph\"><\/p>\n\n\n\n<div class=\"wp-block-media-text is-stacked-on-mobile\"><figure class=\"wp-block-media-text__media\"><\/figure><div class=\"wp-block-media-text__content\">\n<p class=\"wp-block-paragraph\"><\/p>\n<\/div><\/div>\n\n\n\n<p class=\"wp-block-paragraph\"><\/p>\n\n\n\n<div class=\"wp-block-media-text is-stacked-on-mobile\" style=\"grid-template-columns:32% auto\"><figure class=\"wp-block-media-text__media\"><a href=\"https:\/\/www.amazon.fr\/Logo-aime-manger-Johanne-Colas-Bertrand\/dp\/B0GFKJZSXZ\/ref=sr_1_1?__mk_fr_FR=%C3%85M%C3%85%C5%BD%C3%95%C3%91&amp;crid=22J1UF71TIPIB&amp;dib=eyJ2IjoiMSJ9.vfhxvDwX8K__lJgIzOnbkpGLw_jRlwhV52NgM5aIKIsPd-pvsbxSZfhDPQ5YMb4q28fYnzJzE9RJxhD_UEKvdj5mojnTAzj5uifnx3KWcooTMDwnxUpeNL7h4GOCzmqjYPiBbq2mke8IKXKe-q9SV69zSg78PcgtKel2zvaGiAs6ehRBQ7u0g-OntL0KSU9zUzSFiJB2icShUVoOJiJKBwNMkpNzki6vBhbcmdiK_WdE1b1mHeKsBW_cfHECPyyDy66aCTwSgBBGCYAj0UwbNVtdzrwQUZKqHL0XbYi0Hns.074BbtvegpZcUzS8IkjuMcESGVfb6mt_zFw9ElvTtuo&amp;dib_tag=se&amp;keywords=Logo+aime+manger&amp;qid=1768857486&amp;sprefix=logo+aime+mang%2Caps%2C250&amp;sr=8-1\"><img loading=\"lazy\" decoding=\"async\" width=\"577\" height=\"846\" src=\"https:\/\/johannebertrand.com\/wp-content\/uploads\/2026\/01\/Couv-Logo-est-gourmand-Makaton.png\" alt=\"\" class=\"wp-image-1110 size-full\" srcset=\"https:\/\/johannebertrand.com\/wp-content\/uploads\/2026\/01\/Couv-Logo-est-gourmand-Makaton.png 577w, https:\/\/johannebertrand.com\/wp-content\/uploads\/2026\/01\/Couv-Logo-est-gourmand-Makaton-205x300.png 205w\" sizes=\"auto, (max-width: 577px) 100vw, 577px\" \/><\/a><\/figure><div class=\"wp-block-media-text__content\">\n<p class=\"has-black-color has-text-color has-link-color wp-elements-fed24f22e2e2b10e80953bd893673b4c wp-block-paragraph\"><strong>Logo aime manger<\/strong> <strong>MAKATON<\/strong><\/p>\n\n\n\n<p class=\"has-black-color has-text-color has-link-color wp-elements-13c3e045f2e803459c9fed72c484fd95 wp-block-paragraph\">Logo est un petit chien tr\u00e8s gourmand !<br>Il r\u00eave de manger comme les humains : tout ce qu\u2019il voit lui donne envie !<br>Une histoire simple et amusante, illustr\u00e9e en&nbsp;<strong>Makaton<\/strong>, pour partager un moment de lecture autour des petits plaisirs de la table.<\/p>\n<\/div><\/div>\n\n\n\n<p class=\"wp-block-paragraph\"><\/p>\n\n\n\n<p class=\"wp-block-paragraph\"><\/p>\n\n\n\n<div class=\"wp-block-media-text is-stacked-on-mobile is-resized\" style=\"grid-template-columns:32% auto\"><figure class=\"wp-block-media-text__media\"><a href=\"https:\/\/www.amazon.fr\/No%C3%ABl-Logo-Johanne-Colas-Bertrand\/dp\/B0FXKLPZVJ\/ref=sr_1_1?__mk_fr_FR=%C3%85M%C3%85%C5%BD%C3%95%C3%91&amp;crid=33C3LQFM3JH5G&amp;dib=eyJ2IjoiMSJ9.gAJZqlNGdAh1c_O_QnNEluswlOc2j_pf7gEuemGcvUJkR2ucFuuaEVYS3OVEoLJhs3Hukdn0W1DBFX639VxN4bTBSIkqZkumQihiucVGbSWUO5R1x5MH8VFA174O9v_gcHQEcd5WKBAgfht2vqki4TZ6EWKciFBSo6rySftkAJ90mLg0r9dXufkj7NB1aMuyGivBPrdCCQUF07qsFf-oAj2yWO74c436SBdWIGjrEX28nYIk6bbVWHBpHvAPsbxYquU5s9w_ndHDTsDK1znubuvNreJbQrMTLDP61rq8hoQ.FJqSPALSH0Sd4BRKTaHqIANoyFpJGLxuDfFesZPaQSc&amp;dib_tag=se&amp;keywords=LE+No%C3%ABl+de+Logo&amp;qid=1774174965&amp;sprefix=le+no%C3%ABl+de+logo%2Caps%2C254&amp;sr=8-1\"><img loading=\"lazy\" decoding=\"async\" width=\"497\" height=\"747\" src=\"https:\/\/johannebertrand.com\/wp-content\/uploads\/2025\/11\/Couverture-Le-Noel-de-Logo-Makaton.png\" alt=\"\" class=\"wp-image-949 size-full\" srcset=\"https:\/\/johannebertrand.com\/wp-content\/uploads\/2025\/11\/Couverture-Le-Noel-de-Logo-Makaton.png 497w, https:\/\/johannebertrand.com\/wp-content\/uploads\/2025\/11\/Couverture-Le-Noel-de-Logo-Makaton-200x300.png 200w\" sizes=\"auto, (max-width: 497px) 100vw, 497px\" \/><\/a><\/figure><div class=\"wp-block-media-text__content\">\n<p class=\"has-black-color has-text-color has-link-color wp-elements-8b5350658eb8e85785aa44eaa3362aa3 wp-block-paragraph\"><strong>Le No\u00ebl de Logo MAKATON<\/strong><br>Voici une nuit dont Logo se souviendra : la nuit magique o\u00f9 le petit chien attend la venue du P\u00e8re No\u00ebl !<br>Entre les conseils de sa ma\u00eetresse, les doudous impatients et les bruits myst\u00e9rieux du toit, Logo s\u2019appr\u00eate \u00e0 d\u00e9couvrir un secret bien gard\u00e9\u2026<br>Une histoire tendre et rassurante, id\u00e9ale pour partager la magie de No\u00ebl avec les plus petits.<br>Le No\u00ebl de Logo fait partie de la collection Logolortho, des histoires simples et joyeuses qui accompagnent le d\u00e9veloppement du langage et des \u00e9motions.<br>Cette \u00e9dition est propos\u00e9e en version Makaton, un langage associant signes, pictogrammes et parole, pour rendre la lecture accessible \u00e0 tous les enfants. Chaque page associe une photo de Logo \u00e0 un texte court en Makaton, pour aider les enfants \u00e0 comprendre, observer et partager le plaisir de lire ensemble.<\/p>\n<\/div><\/div>\n\n\n\n<p class=\"wp-block-paragraph\"><\/p>\n\n\n\n<div class=\"wp-block-media-text is-stacked-on-mobile is-resized\" style=\"grid-template-columns:32% auto\"><figure class=\"wp-block-media-text__media\"><a href=\"https:\/\/www.amazon.fr\/No%C3%ABl-Logo-Johanne-Bertrand\/dp\/B08MVCHMNB\/ref=zg-te-pba_d_sccl_2_3\/522-1651677-6445663?pd_rd_w=0NB42&amp;content-id=amzn1.sym.af6b3682-3e1f-4458-92c8-7dc122beea6c&amp;pf_rd_p=af6b3682-3e1f-4458-92c8-7dc122beea6c&amp;pf_rd_r=K3CKB8AR0N7G7E1NEHZC&amp;pd_rd_wg=BmZ7G&amp;pd_rd_r=5576f9c2-518f-4435-afd4-52f3973e4215&amp;pd_rd_i=B08MVCHMNB&amp;psc=1\"><img loading=\"lazy\" decoding=\"async\" width=\"443\" height=\"667\" src=\"https:\/\/johannebertrand.com\/wp-content\/uploads\/2020\/11\/Couverture-Le-Noel-de-Logo-1.png\" alt=\"\" class=\"wp-image-448 size-full\" srcset=\"https:\/\/johannebertrand.com\/wp-content\/uploads\/2020\/11\/Couverture-Le-Noel-de-Logo-1.png 443w, https:\/\/johannebertrand.com\/wp-content\/uploads\/2020\/11\/Couverture-Le-Noel-de-Logo-1-199x300.png 199w\" sizes=\"auto, (max-width: 443px) 100vw, 443px\" \/><\/a><\/figure><div class=\"wp-block-media-text__content\">\n<p class=\"has-black-color has-text-color has-link-color wp-elements-2be8a043d91b01411ad25eb18348a748 wp-block-paragraph\"><strong>Le No\u00ebl de Logo<\/strong> <strong>: VERSION CLASSIQUE<\/strong><br>Voici une nuit dont Logo se souviendra : la nuit magique<br>pendant laquelle le petit chien bi-face rencontre le P\u00e8re No\u00ebl !<br>Une nouvelle histoire de la s\u00e9rie Logolortho, avec un secret de No\u00ebl enfin d\u00e9voil\u00e9 ! Chaque page associe une <strong>photo de Logo<\/strong> \u00e0 un <strong>texte court<\/strong>, pour aider les enfants \u00e0 comprendre, observer et partager le plaisir de lire ensemble.<\/p>\n<\/div><\/div>\n\n\n\n<p class=\"wp-block-paragraph\"><\/p>\n\n\n\n<div class=\"wp-block-media-text is-stacked-on-mobile is-resized\" style=\"grid-template-columns:32% auto\"><figure class=\"wp-block-media-text__media\"><a href=\"https:\/\/www.amazon.fr\/Logo-%C3%A0-l%C3%A9cole-petits-chiens\/dp\/B09B4FHVNN\/ref=zg-te-pba_d_sccl_2_2\/522-1651677-6445663?pd_rd_w=RYsLs&amp;content-id=amzn1.sym.af6b3682-3e1f-4458-92c8-7dc122beea6c&amp;pf_rd_p=af6b3682-3e1f-4458-92c8-7dc122beea6c&amp;pf_rd_r=B8MD39DQABXBPWM7QTAM&amp;pd_rd_wg=1RJCg&amp;pd_rd_r=ff732c26-f595-4fc8-a1fc-9a56bbef2246&amp;pd_rd_i=B09B4FHVNN&amp;psc=1\"><img loading=\"lazy\" decoding=\"async\" width=\"755\" height=\"1024\" src=\"https:\/\/johannebertrand.com\/wp-content\/uploads\/2021\/08\/couverture-Logo-a-lecole-des-petits-chiens-755x1024.png\" alt=\"\" class=\"wp-image-521 size-full\" srcset=\"https:\/\/johannebertrand.com\/wp-content\/uploads\/2021\/08\/couverture-Logo-a-lecole-des-petits-chiens-755x1024.png 755w, https:\/\/johannebertrand.com\/wp-content\/uploads\/2021\/08\/couverture-Logo-a-lecole-des-petits-chiens-221x300.png 221w, https:\/\/johannebertrand.com\/wp-content\/uploads\/2021\/08\/couverture-Logo-a-lecole-des-petits-chiens-768x1041.png 768w, https:\/\/johannebertrand.com\/wp-content\/uploads\/2021\/08\/couverture-Logo-a-lecole-des-petits-chiens-1133x1536.png 1133w, https:\/\/johannebertrand.com\/wp-content\/uploads\/2021\/08\/couverture-Logo-a-lecole-des-petits-chiens-1511x2048.png 1511w, https:\/\/johannebertrand.com\/wp-content\/uploads\/2021\/08\/couverture-Logo-a-lecole-des-petits-chiens-600x813.png 600w, https:\/\/johannebertrand.com\/wp-content\/uploads\/2021\/08\/couverture-Logo-a-lecole-des-petits-chiens.png 1546w\" sizes=\"auto, (max-width: 755px) 100vw, 755px\" \/><\/a><\/figure><div class=\"wp-block-media-text__content\">\n<p class=\"has-black-color has-text-color has-link-color wp-elements-074c84e4e7e8b3d10fd30947068c5905 wp-block-paragraph\"><strong>Logo \u00e0 l\u2019\u00e9cole des petits chiens<\/strong> <strong>VERSION CLASSIQUE<\/strong><br>C\u2019est bient\u00f4t la rentr\u00e9e ! Logo \u00e9coute sa ma\u00eetresse lui raconter tout ce qu\u2019il fera \u00e0 l\u2019\u00e9cole : apprendre, lire, compter\u2026 et m\u00eame aller jouer en r\u00e9cr\u00e9 ! \u00c0 travers cet \u00e9change tendre et rassurant, les enfants d\u00e9couvrent \u00e0 quoi ressemble une journ\u00e9e d\u2019\u00e9cole et apprennent \u00e0 se pr\u00e9parer en douceur \u00e0 cette grande \u00e9tape.<br>Un support id\u00e9al pour accompagner les premi\u00e8res s\u00e9parations, encourager la communication et aborder la rentr\u00e9e avec confiance.<br>Une histoire simple et bienveillante. Chaque page associe une <strong>photo de Logo<\/strong> \u00e0 un <strong>texte court<\/strong>, pour aider les enfants \u00e0 comprendre, observer et partager le plaisir de lire ensemble.<\/p>\n<\/div><\/div>\n\n\n\n<p class=\"wp-block-paragraph\"><\/p>\n\n\n\n<div class=\"wp-block-media-text is-stacked-on-mobile is-resized\" style=\"grid-template-columns:32% auto\"><figure class=\"wp-block-media-text__media\"><a href=\"https:\/\/www.amazon.fr\/Logo-M%C3%A9chant-V-Johanne-Bertrand\/dp\/B0875JSKR6\/ref=tmm_pap_swatch_0?_encoding=UTF8&amp;dib_tag=AUTHOR&amp;dib=eyJ2IjoiMSJ9.3CU-KfW2WuxNMyAb0ojMrjt0BjOU7mk816mZ_TZUewo8EKfMKJTseUYah5g7CxD2EG4e0LDyPvuCaJE5eZvDQKyXAW82_PV2cd8D9Mr5UnvSx5RsN-FHVgQTsksarFXrIWrii-KtrzDdmAJSr_FR0UfCVsmvoikX-0bnDjwaTjioBpCCekxDQZZAWIgjXS-bEjtpkBL1CWiWawSUdW530vk6_WhRA3zZlytaBDcN2EI.1dswd7z-wEVaNFs7wZaSIvJi3_7rqDyTJYL2fz2_rwo\"><img loading=\"lazy\" decoding=\"async\" width=\"594\" height=\"836\" src=\"https:\/\/johannebertrand.com\/wp-content\/uploads\/2020\/04\/Capture-couverture-Logo-et-Mechant-V.png\" alt=\"\" class=\"wp-image-361 size-full\" srcset=\"https:\/\/johannebertrand.com\/wp-content\/uploads\/2020\/04\/Capture-couverture-Logo-et-Mechant-V.png 594w, https:\/\/johannebertrand.com\/wp-content\/uploads\/2020\/04\/Capture-couverture-Logo-et-Mechant-V-213x300.png 213w\" sizes=\"auto, (max-width: 594px) 100vw, 594px\" \/><\/a><\/figure><div class=\"wp-block-media-text__content\">\n<p class=\"has-black-color has-text-color has-link-color wp-elements-0afe957d8cb8822c82682452f0aef40f wp-block-paragraph\"><strong>Logo et M\u00e9chant V<\/strong> : <strong>VERSION CLASSIQUE <\/strong><br>Logo aussi a v\u00e9cu le confinement, mais comment cela s&rsquo;est-il pass\u00e9 du point de vue de ce petit chien et qui est donc ce \u00ab\u00a0M\u00e9chant V\u00a0\u00bb dont tout le monde parle ? Chaque page associe une <strong>photo de Logo<\/strong> \u00e0 un <strong>texte court<\/strong>, pour aider les enfants \u00e0 comprendre, observer et partager le plaisir de lire ensemble.<\/p>\n<\/div><\/div>\n\n\n\n<p class=\"wp-block-paragraph\"><\/p>\n\n\n\n<div class=\"wp-block-media-text is-stacked-on-mobile is-resized\" style=\"grid-template-columns:32% auto\"><figure class=\"wp-block-media-text__media\"><a href=\"https:\/\/www.amazon.fr\/Logo-est-gourmand-Logolortho-t-ebook\/dp\/B0878VMSJ5?ref_=saga_dp_ss_dsk_dp\"><img loading=\"lazy\" decoding=\"async\" width=\"594\" height=\"838\" src=\"https:\/\/johannebertrand.com\/wp-content\/uploads\/2020\/05\/couverture-Logo-est-gourmand.png\" alt=\"\" class=\"wp-image-359 size-full\" srcset=\"https:\/\/johannebertrand.com\/wp-content\/uploads\/2020\/05\/couverture-Logo-est-gourmand.png 594w, https:\/\/johannebertrand.com\/wp-content\/uploads\/2020\/05\/couverture-Logo-est-gourmand-213x300.png 213w\" sizes=\"auto, (max-width: 594px) 100vw, 594px\" \/><\/a><\/figure><div class=\"wp-block-media-text__content\">\n<p class=\"has-black-color has-text-color has-link-color wp-elements-3f2856ad98816076754bb47d97bef6dd wp-block-paragraph\"><strong>Logo est gourmand<\/strong> <strong>VERSION CLASSIQUE<\/strong> <br>Logo est un petit chien tr\u00e8s gourmand !<br>Il r\u00eave de manger comme les humains : tout ce qu\u2019il voit lui donne envie !<br>Une histoire simple et amusante, illustr\u00e9e en photos, pour partager un moment de lecture autour des petits plaisirs de la table. Chaque page associe une <strong>photo de Logo<\/strong> \u00e0 un <strong>texte court<\/strong>, pour aider les enfants \u00e0 comprendre, observer et partager le plaisir de lire ensemble.<\/p>\n<\/div><\/div>\n\n\n\n<p class=\"wp-block-paragraph\"><\/p>\n\n\n\n<div class=\"wp-block-media-text is-stacked-on-mobile is-resized\" style=\"grid-template-columns:32% auto\"><figure class=\"wp-block-media-text__media\"><a href=\"https:\/\/www.amazon.fr\/Logo-%C3%A0-mer-Johanne-BERTRAND\/dp\/109311861X\/ref=tmm_pap_swatch_0\"><img loading=\"lazy\" decoding=\"async\" width=\"596\" height=\"841\" src=\"https:\/\/johannebertrand.com\/wp-content\/uploads\/2020\/05\/couverture.png\" alt=\"\" class=\"wp-image-360 size-full\" srcset=\"https:\/\/johannebertrand.com\/wp-content\/uploads\/2020\/05\/couverture.png 596w, https:\/\/johannebertrand.com\/wp-content\/uploads\/2020\/05\/couverture-213x300.png 213w\" sizes=\"auto, (max-width: 596px) 100vw, 596px\" \/><\/a><\/figure><div class=\"wp-block-media-text__content\">\n<p class=\"has-black-color has-text-color has-link-color wp-elements-b70e019ab7361f7e3263a7fed256e260 wp-block-paragraph\"><strong>Logo \u00e0 la mer<\/strong> <strong>VERSION CLASSIQUE<\/strong><br>Logo passe une journ\u00e9e \u00e0 la mer et d\u00e9couvre le sable, l\u2019eau et tous les petits plaisirs des vacances ! Entre jeux et moments d\u2019\u00e9change avec sa ma\u00eetresse, les enfants suivent ses aventures au fil de la journ\u00e9e.<br>Une histoire simple et rassurante, id\u00e9ale pour les premi\u00e8res lectures. Chaque page associe une <strong>photo de Logo<\/strong> \u00e0 un <strong>texte court<\/strong>, pour aider les enfants \u00e0 comprendre, observer et partager le plaisir de lire ensemble.<\/p>\n<\/div><\/div>\n\n\n\n<p class=\"wp-block-paragraph\"><\/p>\n\n\n\n<div class=\"wp-block-media-text is-stacked-on-mobile is-resized\" style=\"grid-template-columns:32% auto\"><figure class=\"wp-block-media-text__media\"><a href=\"https:\/\/www.amazon.fr\/Logo-fait-sport-Johanne-Bertrand\/dp\/2322457574\/ref=tmm_pap_swatch_0\"><img loading=\"lazy\" decoding=\"async\" width=\"688\" height=\"1024\" src=\"https:\/\/johannebertrand.com\/wp-content\/uploads\/2022\/09\/Logo-fait-du-sport-couv-broche-BOD-1-688x1024.png\" alt=\"\" class=\"wp-image-828 size-full\"\/><\/a><\/figure><div class=\"wp-block-media-text__content\">\n<p class=\"has-black-color has-text-color has-link-color wp-elements-e66713b4fdca54c6b08edc459d9befb1 wp-block-paragraph\"><strong>Logo fait du sport<\/strong> <strong>VERSION CLASSIQUE<\/strong><br>Logo d\u00e9borde d\u2019\u00e9nergie ! Aujourd\u2019hui, il d\u00e9couvre les joies du sport.<br>Escalade, saut, danse\u2026 Il essaie tout, parfois avec gr\u00e2ce, parfois avec maladresse, mais toujours avec enthousiasme !<br>\u00c0 travers ses aventures, les enfants d\u00e9couvrent les \u00e9motions de leur compagnon \u00e0 quatre pattes.<br>Illustr\u00e9 avec des photos, ce livre favorise la compr\u00e9hension du langage et la participation de tous les enfants, y compris ceux ayant des besoins sp\u00e9cifiques en communication.<br>Une histoire tendre, rythm\u00e9e et accessible, id\u00e9ale pour d\u00e9couvrir le sport en s\u2019amusant et d\u00e9velopper le vocabulaire du quotidien. Chaque page associe une <strong>photo de Logo<\/strong> \u00e0 un <strong>texte court<\/strong>, pour aider les enfants \u00e0 comprendre, observer et partager le plaisir de lire ensemble.<\/p>\n<\/div><\/div>\n\n\n\n<p class=\"wp-block-paragraph\"><\/p>\n\n\n\n<div class=\"wp-block-media-text is-stacked-on-mobile is-resized\" style=\"grid-template-columns:32% auto\"><figure class=\"wp-block-media-text__media\"><a href=\"https:\/\/www.amazon.fr\/Logo-D%C3%A9tective-Johanne-Colas-Bertrand\/dp\/B0D5MJR3GD?ref_=saga_dp_ss_dsk_dp\"><img loading=\"lazy\" decoding=\"async\" width=\"683\" height=\"1024\" src=\"https:\/\/johannebertrand.com\/wp-content\/uploads\/2025\/11\/Couverture-Logo-Detective-683x1024.jpg\" alt=\"\" class=\"wp-image-969 size-full\" srcset=\"https:\/\/johannebertrand.com\/wp-content\/uploads\/2025\/11\/Couverture-Logo-Detective-683x1024.jpg 683w, https:\/\/johannebertrand.com\/wp-content\/uploads\/2025\/11\/Couverture-Logo-Detective-200x300.jpg 200w, https:\/\/johannebertrand.com\/wp-content\/uploads\/2025\/11\/Couverture-Logo-Detective-768x1151.jpg 768w, https:\/\/johannebertrand.com\/wp-content\/uploads\/2025\/11\/Couverture-Logo-Detective-600x899.jpg 600w, https:\/\/johannebertrand.com\/wp-content\/uploads\/2025\/11\/Couverture-Logo-Detective.jpg 1000w\" sizes=\"auto, (max-width: 683px) 100vw, 683px\" \/><\/a><\/figure><div class=\"wp-block-media-text__content\">\n<p class=\"has-black-color has-text-color has-link-color wp-elements-c6af9603c0c456aca29782b26f5906b2 wp-block-paragraph\"><strong><strong>Logo D\u00e9tective<\/strong> VERSION CLASSIQUE<br><\/strong>Quel myst\u00e8re pour Logo aujourd\u2019hui ! Le petit chien enqu\u00eate pour retrouver le voleur de croquettes. Il interroge ses amis et suit les indices pour r\u00e9soudre l\u2019\u00e9nigme.<br>Une histoire amusante et captivante, id\u00e9ale pour les premi\u00e8res lectures et les enfants qui aiment les petites aventures du quotidien. Chaque page associe une <strong>photo de Logo<\/strong> \u00e0 un <strong>texte court<\/strong>, pour aider les enfants \u00e0 comprendre, observer et partager le plaisir de lire ensemble.<\/p>\n<\/div><\/div>\n","protected":false},"excerpt":{"rendered":"<p>Vous pouvez commander tous mes livres en cliquant dessus Logo cherche ( histoire en MAKATON) Un livre pour enrichir les \u00e9changes avec votre enfant.Logo est un petit chien tr\u00e8s curieux. Aujourd\u2019hui, un myst\u00e8re l\u2019intrigue : qui a vol\u00e9 les croquettes ? Il observe, interroge ses amis et suit les indices pour r\u00e9soudre l\u2019\u00e9nigme.Une histoire simple<\/p>\n","protected":false},"author":1,"featured_media":0,"parent":0,"menu_order":7,"comment_status":"closed","ping_status":"closed","template":"","meta":{"_crdt_document":"","advanced_seo_description":"","jetpack_seo_html_title":"","jetpack_seo_noindex":false,"footnotes":""},"class_list":["post-18","page","type-page","status-publish","hentry"],"jetpack_sharing_enabled":true,"_links":{"self":[{"href":"https:\/\/johannebertrand.com\/index.php\/wp-json\/wp\/v2\/pages\/18","targetHints":{"allow":["GET"]}}],"collection":[{"href":"https:\/\/johannebertrand.com\/index.php\/wp-json\/wp\/v2\/pages"}],"about":[{"href":"https:\/\/johannebertrand.com\/index.php\/wp-json\/wp\/v2\/types\/page"}],"author":[{"embeddable":true,"href":"https:\/\/johannebertrand.com\/index.php\/wp-json\/wp\/v2\/users\/1"}],"replies":[{"embeddable":true,"href":"https:\/\/johannebertrand.com\/index.php\/wp-json\/wp\/v2\/comments?post=18"}],"version-history":[{"count":217,"href":"https:\/\/johannebertrand.com\/index.php\/wp-json\/wp\/v2\/pages\/18\/revisions"}],"predecessor-version":[{"id":1273,"href":"https:\/\/johannebertrand.com\/index.php\/wp-json\/wp\/v2\/pages\/18\/revisions\/1273"}],"wp:attachment":[{"href":"https:\/\/johannebertrand.com\/index.php\/wp-json\/wp\/v2\/media?parent=18"}],"curies":[{"name":"wp","href":"https:\/\/api.w.org\/{rel}","templated":true}]}}